{"id":31200,"date":"2026-09-03T11:08:16","date_gmt":"2026-09-03T09:08:16","guid":{"rendered":"https:\/\/dancemotion.es\/team\/alex-mas\/"},"modified":"2026-09-03T11:13:07","modified_gmt":"2026-09-03T09:13:07","slug":"alex-mas","status":"publish","type":"profesor","link":"https:\/\/dancemotion.es\/ca\/team\/alex-mas\/","title":{"rendered":"Alex Mas"},"content":{"rendered":"[vc_row type=\u00bbin_container\u00bb full_screen_row_position=\u00bbmiddle\u00bb column_margin=\u00bbdefault\u00bb column_direction=\u00bbdefault\u00bb column_direction_tablet=\u00bbdefault\u00bb column_direction_phone=\u00bbdefault\u00bb scene_position=\u00bbcenter\u00bb text_color=\u00bbdark\u00bb text_align=\u00bbleft\u00bb row_border_radius=\u00bbnone\u00bb row_border_radius_applies=\u00bbbg\u00bb overflow=\u00bbvisible\u00bb overlay_strength=\u00bb0.3&#8243; gradient_direction=\u00bbleft_to_right\u00bb shape_divider_position=\u00bbbottom\u00bb bg_image_animation=\u00bbnone\u00bb][vc_column column_padding=\u00bbno-extra-padding\u00bb column_padding_tablet=\u00bbinherit\u00bb column_padding_phone=\u00bbinherit\u00bb column_padding_position=\u00bball\u00bb column_element_direction_desktop=\u00bbdefault\u00bb column_element_spacing=\u00bbdefault\u00bb desktop_text_alignment=\u00bbdefault\u00bb tablet_text_alignment=\u00bbdefault\u00bb phone_text_alignment=\u00bbdefault\u00bb background_color_opacity=\u00bb1&#8243; background_hover_color_opacity=\u00bb1&#8243; column_backdrop_filter=\u00bbnone\u00bb column_shadow=\u00bbnone\u00bb column_border_radius=\u00bbnone\u00bb column_link_target=\u00bb_self\u00bb column_position=\u00bbdefault\u00bb gradient_direction=\u00bbleft_to_right\u00bb overlay_strength=\u00bb0.3&#8243; width=\u00bb1\/1&#8243; tablet_width_inherit=\u00bbdefault\u00bb animation_type=\u00bbdefault\u00bb bg_image_animation=\u00bbnone\u00bb border_type=\u00bbsimple\u00bb column_border_width=\u00bbnone\u00bb column_border_style=\u00bbsolid\u00bb][vc_column_text]<strong>Alex Mas<\/strong>\u00a0\u00e9s <strong>comunicador, productor audiovisual, docent i director creatiu<\/strong> especialitzat en el <strong>sector art\u00edstic<\/strong>.<\/p>\n<p>Combina <strong>m\u00e9s d\u2019una d\u00e8cada d\u2019experi\u00e8ncia en producci\u00f3 i direcci\u00f3<\/strong> amb projectes per a productores com <strong>Mediaset, Atresmedia, Mediapro, Amazon Music, Primavera Sound i RBF<\/strong>, i per a creadors com <strong>Willyrex o TheGrefg<\/strong>, entre d\u2019altres.<\/p>\n<p>La seva faceta docent se centra en <strong>comunicaci\u00f3, imatge, marca personal i xarxes socials per a artistes<\/strong>, que actualment imparteix en escoles com <strong>QDS i ESCAC<\/strong>. Tamb\u00e9 participa com a docent en el projecte de la Uni\u00f3 Europea <strong>\u00abErasmus+ DigitAll\u00bb<\/strong>, centrat en <strong>nous formats, compet\u00e8ncies digitals per a l\u2019ocupaci\u00f3, ciberseguretat, intel\u00b7lig\u00e8ncia artificial i noves tecnologies<\/strong>.<\/p>\n<p>\u00c9s creador i presentador d\u2019<strong>Entrevistas Entre Artistas<\/strong>, un programa d\u2019entrevistes al m\u00f3n art\u00edstic em\u00e8s a <strong>Twitch, YouTube i xarxes socials<\/strong>, amb <strong>m\u00e9s de 250 programes<\/strong> i convidats i convidades de <strong>totes les disciplines art\u00edstiques<\/strong>.[\/vc_column_text][\/vc_column][\/vc_row]\n","protected":false},"featured_media":31201,"parent":0,"template":"","meta":{"_acf_changed":false,"inline_featured_image":false},"class_list":["post-31200","profesor","type-profesor","status-publish","has-post-thumbnail","tipo-activo-ca"],"acf":[],"_links":{"self":[{"href":"https:\/\/dancemotion.es\/ca\/wp-json\/wp\/v2\/profesor\/31200","targetHints":{"allow":["GET"]}}],"collection":[{"href":"https:\/\/dancemotion.es\/ca\/wp-json\/wp\/v2\/profesor"}],"about":[{"href":"https:\/\/dancemotion.es\/ca\/wp-json\/wp\/v2\/types\/profesor"}],"wp:featuredmedia":[{"embeddable":true,"href":"https:\/\/dancemotion.es\/ca\/wp-json\/wp\/v2\/media\/31201"}],"wp:attachment":[{"href":"https:\/\/dancemotion.es\/ca\/wp-json\/wp\/v2\/media?parent=31200"}],"curies":[{"name":"wp","href":"https:\/\/api.w.org\/{rel}","templated":true}]}}