{"id":31238,"date":"2026-09-04T11:22:57","date_gmt":"2026-09-04T09:22:57","guid":{"rendered":"https:\/\/dancemotion.es\/team\/irene-hernandez\/"},"modified":"2026-09-04T11:26:23","modified_gmt":"2026-09-04T09:26:23","slug":"irene-hernandez","status":"publish","type":"profesor","link":"https:\/\/dancemotion.es\/ca\/team\/irene-hernandez\/","title":{"rendered":"Irene Hern\u00e1ndez"},"content":{"rendered":"[vc_row type=\u00bbin_container\u00bb full_screen_row_position=\u00bbmiddle\u00bb column_margin=\u00bbdefault\u00bb column_direction=\u00bbdefault\u00bb column_direction_tablet=\u00bbdefault\u00bb column_direction_phone=\u00bbdefault\u00bb scene_position=\u00bbcenter\u00bb text_color=\u00bbdark\u00bb text_align=\u00bbleft\u00bb row_border_radius=\u00bbnone\u00bb row_border_radius_applies=\u00bbbg\u00bb overflow=\u00bbvisible\u00bb overlay_strength=\u00bb0.3&#8243; gradient_direction=\u00bbleft_to_right\u00bb shape_divider_position=\u00bbbottom\u00bb bg_image_animation=\u00bbnone\u00bb][vc_column column_padding=\u00bbno-extra-padding\u00bb column_padding_tablet=\u00bbinherit\u00bb column_padding_phone=\u00bbinherit\u00bb column_padding_position=\u00bball\u00bb column_element_direction_desktop=\u00bbdefault\u00bb column_element_spacing=\u00bbdefault\u00bb desktop_text_alignment=\u00bbdefault\u00bb tablet_text_alignment=\u00bbdefault\u00bb phone_text_alignment=\u00bbdefault\u00bb background_color_opacity=\u00bb1&#8243; background_hover_color_opacity=\u00bb1&#8243; column_backdrop_filter=\u00bbnone\u00bb column_shadow=\u00bbnone\u00bb column_border_radius=\u00bbnone\u00bb column_link_target=\u00bb_self\u00bb column_position=\u00bbdefault\u00bb gradient_direction=\u00bbleft_to_right\u00bb overlay_strength=\u00bb0.3&#8243; width=\u00bb1\/1&#8243; tablet_width_inherit=\u00bbdefault\u00bb animation_type=\u00bbdefault\u00bb bg_image_animation=\u00bbnone\u00bb border_type=\u00bbsimple\u00bb column_border_width=\u00bbnone\u00bb column_border_style=\u00bbsolid\u00bb][vc_column_text]<strong>Irene Hern\u00e1ndez<\/strong> \u00e9s <strong>ballarina i docent de dansa<\/strong> amb <strong>17 anys de traject\u00f2ria<\/strong>. Va iniciar la seva formaci\u00f3 als <strong>5 anys<\/strong> a l\u2019<strong>Escola Nacional de Dansa \u201cMorena Celari\u00e9\u201d d\u2019El Salvador<\/strong>, on va desenvolupar principalment la seva formaci\u00f3 en <strong>ballet i dansa contempor\u00e0nia<\/strong>.<\/p>\n<p>Posteriorment, va ampliar la seva formaci\u00f3 cap a les <strong>danses urbanes<\/strong>, explorant estils com el <strong>house, hip hop i breaking<\/strong> a trav\u00e9s de diferents acad\u00e8mies i crews. Al llarg de la seva traject\u00f2ria ha participat en <strong>obres, competicions i batalles<\/strong>, destacant la seva participaci\u00f3 com a <strong>ballarina convidada a la Companyia Nacional de Ballet d\u2019El Salvador<\/strong> a <em>El Trencanous<\/em>. Tamb\u00e9 compta amb experi\u00e8ncia com a <strong>docent de ballet, dansa creativa i street dance per a diferents edats<\/strong>, a m\u00e9s de formaci\u00f3 en <strong>metodologia per a l\u2019ensenyament del ballet<\/strong>.<\/p>\n<p>Actualment continua la seva <strong>formaci\u00f3 professional a Dance Emotion, a Barcelona<\/strong>.[\/vc_column_text][\/vc_column][\/vc_row]\n","protected":false},"featured_media":31239,"parent":0,"template":"","meta":{"_acf_changed":false,"inline_featured_image":false},"class_list":["post-31238","profesor","type-profesor","status-publish","has-post-thumbnail","tipo-activo-ca"],"acf":[],"_links":{"self":[{"href":"https:\/\/dancemotion.es\/ca\/wp-json\/wp\/v2\/profesor\/31238","targetHints":{"allow":["GET"]}}],"collection":[{"href":"https:\/\/dancemotion.es\/ca\/wp-json\/wp\/v2\/profesor"}],"about":[{"href":"https:\/\/dancemotion.es\/ca\/wp-json\/wp\/v2\/types\/profesor"}],"wp:featuredmedia":[{"embeddable":true,"href":"https:\/\/dancemotion.es\/ca\/wp-json\/wp\/v2\/media\/31239"}],"wp:attachment":[{"href":"https:\/\/dancemotion.es\/ca\/wp-json\/wp\/v2\/media?parent=31238"}],"curies":[{"name":"wp","href":"https:\/\/api.w.org\/{rel}","templated":true}]}}